{"id":2593,"date":"2020-09-02T08:28:50","date_gmt":"2020-09-02T08:28:50","guid":{"rendered":"http:\/\/manofacto31.com\/?page_id=2593"},"modified":"2025-11-23T10:32:58","modified_gmt":"2025-11-23T10:32:58","slug":"oiagarage","status":"publish","type":"page","link":"https:\/\/manofacto31.com\/?page_id=2593","title":{"rendered":"Oa\u00ef Garage"},"content":{"rendered":"\r\n<div class=\"wp-block-image\">\r\n<figure class=\"aligncenter is-resized\"><img decoding=\"async\" class=\"wp-image-2846\" src=\"https:\/\/manofacto31.com\/wp-content\/uploads\/2021\/03\/Julien-2-768x1024.jpg\" alt=\"\" width=\"450\" srcset=\"https:\/\/manofacto31.com\/wp-content\/uploads\/2021\/03\/Julien-2-768x1024.jpg 768w, https:\/\/manofacto31.com\/wp-content\/uploads\/2021\/03\/Julien-2-600x800.jpg 600w, https:\/\/manofacto31.com\/wp-content\/uploads\/2021\/03\/Julien-2-225x300.jpg 225w, https:\/\/manofacto31.com\/wp-content\/uploads\/2021\/03\/Julien-2.jpg 1125w\" sizes=\"(max-width: 768px) 100vw, 768px\" \/><\/figure>\r\n<\/div>\r\n\r\n\r\n\r\n<p><strong>QUI ES-TU ?<\/strong><\/p>\r\n\r\n\r\n\r\n<p>Je m&rsquo;appelle Julien, je travaille sous le nom de Oa\u00ef Garage. Je vis \u00e0 Toulouse depuis une dizaine d&rsquo;ann\u00e9es mais j&rsquo;ai grandi \u00e0 Saint-Jurs un petit village de Haute Provence. J&rsquo;ai deux chats qui se nomment Pingoo et Eazy.<\/p>\r\n\r\n\r\n\r\n<p><strong>TON PARCOURS<\/strong><\/p>\r\n\r\n\r\n\r\n<p>Je suis plut\u00f4t autodidacte, mes seuls dipl\u00f4mes sont mon brevet des coll\u00e8ges et mon CQPM de soudeur industriel. Apr\u00e8s avoir laiss\u00e9 tomber mon baccalaur\u00e9at, j&rsquo;ai exerc\u00e9 diff\u00e9rents m\u00e9tiers comme paysagiste ou ma\u00e7on en r\u00e9novation. Apr\u00e8s quelques ann\u00e9es pass\u00e9es \u00e0 Grenoble ou j&rsquo;ai fait une formation de soudeur industriel en alternance dans une usine de fabrication d&rsquo;\u00e9changeurs thermique. Je suis arriv\u00e9 \u00e0 Toulouse o\u00f9 cela fait une petite dizaine d&rsquo;ann\u00e9es que je suis sp\u00e9cialis\u00e9 en soudage TIG fines \u00e9paisseurs. Je travaille g\u00e9n\u00e9ralement en int\u00e9rim ce qui m&rsquo;a permis de lib\u00e9rer du temps pour mon travail personnel. La d\u00e9couverte de la soudure \u00e0 \u00e9t\u00e9 une r\u00e9v\u00e9lation, et j&rsquo;ai rapidement commenc\u00e9 \u00e0 fabriquer pour moi et mes proches v\u00e9lo, moto, mobilier, pi\u00e8ces technique et d\u00e9co en tout genre.<\/p>\r\n\r\n\r\n\r\n<p>Apr\u00e8s une petite dizaine d&rsquo;ann\u00e9es \u00e0 bricoler pour moi, je me suis d\u00e9cid\u00e9 \u00e0 montrer une partie de mon travail au public en rejoignant le collectif de cr\u00e9ateurs toulousain Mano Facto en 2020.<\/p>\r\n\r\n\r\n\r\n<p>Mon nom Oa\u00ef Garage vient du mot \u00ab oa\u00ef ou oai\u00bb (se prononce \u00ab O-Ail ou Why \u00bb) que l&rsquo;on entend souvent en Occitanie pour d\u00e9signer le d\u00e9sordre, la pagaille, le bordel. Il est autant utilis\u00e9 pour parler d&rsquo;un endroit mal rang\u00e9 que d&rsquo;une soir\u00e9e d\u00e9cha\u00een\u00e9e (ex : \u00ab Ce soir on met le oa\u00ef ! \u00bb). Pour moi c&rsquo;est plut\u00f4t comme une \u00e9nergie rock&rsquo;n roll&#8230; Le mot Garage, c&rsquo;est parce que mon atelier est un garage et que la m\u00e9canique et son esth\u00e9tique influence une grande partie de mon travail.<\/p>\r\n\r\n\r\n\r\n<p>Mon slogan \u00ab <strong>Cr\u00e9ations M\u00e9talliques Fumeuses<\/strong> \u00bb, est une fa\u00e7on humoristique de voir mon travail. Je suis soudeur de m\u00e9tier et je travaille le m\u00e9tal, deux domaines ou les d\u00e9gagements gazeux et fum\u00e9es diverses font partie du quotidien. Et le c\u00f4t\u00e9 \u00ab\u00a0touche \u00e0 tout\u00a0\u00bb de mon travail qui me permet de concevoir aussi bien des pi\u00e8ces techniques sans r\u00e9el int\u00e9r\u00eat esth\u00e9tique que des objets d\u00e9coratif \u00e0 la finition soign\u00e9e ne rentre dans aucune case, d\u2019o\u00f9 le concept de cr\u00e9ations fumeuses&#8230;<\/p>\r\n\r\n\r\n\r\n<div class=\"wp-block-image\">\r\n<figure class=\"aligncenter is-resized\"><img decoding=\"async\" class=\"wp-image-2847\" src=\"https:\/\/manofacto31.com\/wp-content\/uploads\/2021\/03\/Julien-1-768x1024.jpg\" alt=\"\" width=\"450\" srcset=\"https:\/\/manofacto31.com\/wp-content\/uploads\/2021\/03\/Julien-1-768x1024.jpg 768w, https:\/\/manofacto31.com\/wp-content\/uploads\/2021\/03\/Julien-1-600x800.jpg 600w, https:\/\/manofacto31.com\/wp-content\/uploads\/2021\/03\/Julien-1-225x300.jpg 225w, https:\/\/manofacto31.com\/wp-content\/uploads\/2021\/03\/Julien-1.jpg 1500w\" sizes=\"(max-width: 768px) 100vw, 768px\" \/><\/figure>\r\n<\/div>\r\n\r\n\r\n\r\n<p><strong>QUE FABRIQUES-TU ?<\/strong><\/p>\r\n\r\n\r\n\r\n<p>Je fabrique du mobilier et des luminaires avec des assemblages d&rsquo;\u00e9l\u00e9ments de r\u00e9cup\u00e9ration d&rsquo;origine industrielle ou ferroviaire. J&rsquo;aime m\u00e9langer ma vision du style industriel avec des inspirations plus traditionnelles comme l&rsquo;art d\u00e9co ou l&rsquo;art nouveau. J&rsquo;ai aussi une gamme de badges pour v\u00e9los en aluminium grav\u00e9 \u00e0 l&rsquo;eau forte avec des designs de ma cr\u00e9ation. Les th\u00e8mes sont plus moderne et pop-art avec des slogans et des personnalit\u00e9s du 20\u00e8me si\u00e8cle. Pour m&rsquo;amuser un peu je fais aussi quelques bijoux, j&rsquo;ai une gamme de bagues en fil de titane visible en boutique et je vais bient\u00f4t sortir quelques bracelets et pendentifs originaux. En plus de tous les \u00e9l\u00e9ments d&rsquo;origine industriel et ferroviaire que je r\u00e9cup\u00e8re, une grande partie de mon m\u00e9tal brut est aussi d&rsquo;origine industriel et lorsque c&rsquo;est n\u00e9cessaire, je me fournis en mati\u00e8re neuve ou d&rsquo;occasion chez les fournisseurs Toulousain.<\/p>\r\n\r\n\r\n\r\n<p>Je travaille beaucoup avec une simple meuleuse d&rsquo;angle, les seuls machines que j&rsquo;ai sont un compresseur, une perceuse \u00e0 colonne, un petit tour \u00e0 m\u00e9taux et un poste \u00e0 souder TIG. Et beaucoup d&rsquo;outils \u00e0 main !\u00a0<\/p>\r\n\r\n\r\n\r\n<p>Je travaille dans mon garage rue du G\u00e9n\u00e9ral Jean Compans dans le plus chouette quartier de Toulouse !<\/p>\r\n\r\n\r\n\r\n<p><strong>QUELLES SONT TES SOURCES D\u2019INSPIRATION ?<\/strong><\/p>\r\n\r\n\r\n\r\n<p>Lieux, personnes, sites internet&#8230;<br \/>Tout et rien \u00e0 la fois\u2026<\/p>\r\n\r\n\r\n\r\n<p><strong>SI TU \u00c9TAIS UNE DE TES CR\u00c9ATIONS LAQUELLE SERAIS-TU ?<\/strong><\/p>\r\n\r\n\r\n\r\n<p>Un badge pour v\u00e9lo, c&rsquo;est l\u00e0 que j&rsquo;aurai la plus belle vue.<\/p>\r\n\r\n\r\n\r\n<p><strong>3 CHOSES QUE TU AIMES , 3 CHOSES QUE TU N\u2019AIMES PAS ?<\/strong><\/p>\r\n\r\n\r\n\r\n<p>Fabriquer des trucs &#8211; Travailler \u00e0 l&rsquo;usine<br \/>La bi\u00e8re &#8211; Le plastique<br \/>La musique &#8211; La musique commerciale<\/p>\r\n\r\n\r\n\r\n<p><strong>QUEL EST TON MANTRA, TA CITATION PR\u00c9F\u00c9R\u00c9E ?<\/strong><\/p>\r\n\r\n\r\n\r\n<p>\u00ab Et si on faisait un pas de cot\u00e9 ? \u00bb<\/p>\r\n\r\n\r\n\r\n<div class=\"wp-block-image\">\r\n<figure class=\"aligncenter is-resized\"><img decoding=\"async\" class=\"wp-image-2848\" src=\"https:\/\/manofacto31.com\/wp-content\/uploads\/2021\/03\/Julien-3-768x1024.jpg\" alt=\"\" width=\"450\" srcset=\"https:\/\/manofacto31.com\/wp-content\/uploads\/2021\/03\/Julien-3-768x1024.jpg 768w, https:\/\/manofacto31.com\/wp-content\/uploads\/2021\/03\/Julien-3-600x800.jpg 600w, https:\/\/manofacto31.com\/wp-content\/uploads\/2021\/03\/Julien-3-225x300.jpg 225w, https:\/\/manofacto31.com\/wp-content\/uploads\/2021\/03\/Julien-3.jpg 1125w\" sizes=\"(max-width: 768px) 100vw, 768px\" \/><\/figure>\r\n<\/div>\r\n\r\n\r\n\r\n<p><strong>O\u00d9 TE TROUVE-T-ON (\u00c0 PART MANO FACTO) ?<\/strong><br \/><br \/><\/p>\r\n\r\n\r\n\r\n<p><a href=\"https:\/\/www.oaigarage.com\/\" target=\"_blank\" rel=\"noreferrer noopener\" aria-label=\"Site (s\u2019ouvre dans un nouvel onglet)\">Site<\/a><br \/><a href=\"https:\/\/www.instagram.com\/oaigarage\" target=\"_blank\" rel=\"noreferrer noopener\" aria-label=\"Instagram (s\u2019ouvre dans un nouvel onglet)\">Instagram<\/a><br \/><a href=\"https:\/\/www.facebook.com\/oaigarage\" target=\"_blank\" rel=\"noreferrer noopener\" aria-label=\" (s\u2019ouvre dans un nouvel onglet)\">Facebook<\/a><\/p>\r\n","protected":false},"excerpt":{"rendered":"<p>QUI ES-TU ? Je m&rsquo;appelle Julien, je travaille sous le nom de Oa\u00ef Garage. Je vis \u00e0 Toulouse depuis une dizaine d&rsquo;ann\u00e9es mais j&rsquo;ai grandi \u00e0 Saint-Jurs un petit village de Haute Provence. J&rsquo;ai deux chats qui se nomment Pingoo &hellip; <a class=\"more-link\" href=\"https:\/\/manofacto31.com\/?page_id=2593\">Lire la suite <span class=\"meta-nav\">&rarr;<\/span><\/a><\/p>\n","protected":false},"author":5,"featured_media":0,"parent":56,"menu_order":0,"comment_status":"closed","ping_status":"closed","template":"","meta":{"saved_in_kubio":true,"footnotes":""},"class_list":["post-2593","page","type-page","status-publish","hentry"],"kubio_ai_page_context":{"short_desc":"","purpose":"general"},"_links":{"self":[{"href":"https:\/\/manofacto31.com\/index.php?rest_route=\/wp\/v2\/pages\/2593","targetHints":{"allow":["GET"]}}],"collection":[{"href":"https:\/\/manofacto31.com\/index.php?rest_route=\/wp\/v2\/pages"}],"about":[{"href":"https:\/\/manofacto31.com\/index.php?rest_route=\/wp\/v2\/types\/page"}],"author":[{"embeddable":true,"href":"https:\/\/manofacto31.com\/index.php?rest_route=\/wp\/v2\/users\/5"}],"replies":[{"embeddable":true,"href":"https:\/\/manofacto31.com\/index.php?rest_route=%2Fwp%2Fv2%2Fcomments&post=2593"}],"version-history":[{"count":9,"href":"https:\/\/manofacto31.com\/index.php?rest_route=\/wp\/v2\/pages\/2593\/revisions"}],"predecessor-version":[{"id":3245,"href":"https:\/\/manofacto31.com\/index.php?rest_route=\/wp\/v2\/pages\/2593\/revisions\/3245"}],"up":[{"embeddable":true,"href":"https:\/\/manofacto31.com\/index.php?rest_route=\/wp\/v2\/pages\/56"}],"wp:attachment":[{"href":"https:\/\/manofacto31.com\/index.php?rest_route=%2Fwp%2Fv2%2Fmedia&parent=2593"}],"curies":[{"name":"wp","href":"https:\/\/api.w.org\/{rel}","templated":true}]}}