{"id":3589,"date":"2023-01-15T20:31:47","date_gmt":"2023-01-15T20:31:47","guid":{"rendered":"https:\/\/manofacto31.com\/?page_id=3589"},"modified":"2025-11-23T10:38:20","modified_gmt":"2025-11-23T10:38:20","slug":"sophie-guillemin","status":"publish","type":"page","link":"https:\/\/manofacto31.com\/?page_id=3589","title":{"rendered":"Sophie Guillemin"},"content":{"rendered":"<div class=\"wp-block-image\"><img loading=\"lazy\" decoding=\"async\" class=\"aligncenter wp-image-3608 size-large\" src=\"https:\/\/manofacto31.com\/wp-content\/uploads\/2023\/02\/photos-dessins-1024x1024.jpg\" alt=\"\" width=\"560\" height=\"560\" srcset=\"https:\/\/manofacto31.com\/wp-content\/uploads\/2023\/02\/photos-dessins-1024x1024.jpg 1024w, https:\/\/manofacto31.com\/wp-content\/uploads\/2023\/02\/photos-dessins-300x300.jpg 300w, https:\/\/manofacto31.com\/wp-content\/uploads\/2023\/02\/photos-dessins-768x768.jpg 768w, https:\/\/manofacto31.com\/wp-content\/uploads\/2023\/02\/photos-dessins-1536x1536.jpg 1536w, https:\/\/manofacto31.com\/wp-content\/uploads\/2023\/02\/photos-dessins-2048x2048.jpg 2048w, https:\/\/manofacto31.com\/wp-content\/uploads\/2023\/02\/photos-dessins-600x600.jpg 600w, https:\/\/manofacto31.com\/wp-content\/uploads\/2023\/02\/photos-dessins-100x100.jpg 100w\" sizes=\"(max-width: 560px) 100vw, 560px\" \/><\/div>\r\n<!-- \/wp:post-content --><!-- wp:paragraph -->\r\n\r\n<strong>QUI ES-TU ?<\/strong>\r\n\r\n<!-- \/wp:paragraph --><!-- wp:paragraph -->\r\n<p class=\"p1\">Sophie Guillemin,<\/p>\r\n<p class=\"p1\">illustratrice bas\u00e9e dans le quartier Saint-Simon \u00e0 Toulouse<\/p>\r\n<!-- \/wp:paragraph --><!-- wp:paragraph -->\r\n\r\n<strong>TON PARCOURS\r\n<\/strong>\r\n\r\n<!-- \/wp:paragraph --><!-- wp:paragraph -->\r\n<p class=\"p1\">Je suis n\u00e9e sur la c\u00f4te d\u2019Azur \u00e0 Sophia-Antipolis. Tr\u00e8s t\u00f4t int\u00e9ress\u00e9e par le dessin, bien d\u00e9cid\u00e9e \u00e0 ne faire plus que \u00e7a j\u2019ai fait 5 ann\u00e9es d\u2019\u00e9tudes aux beaux-arts d\u2019Angoul\u00eame \u00e0 l\u2019Eesi (Ecole Europ\u00e9enne Sup\u00e9rieure de l\u2019Image). Puis pour suivre des copains et copines j\u2019ai v\u00e9cu 7 ans \u00e0 Strasbourg, 1 an \u00e0 Douarnenez en Bretagne, et aujourd\u2019hui j\u2019ai pos\u00e9 mes valises \u00e0 Toulouse o\u00f9 je suis venue m\u2019\u00e9panouir.<\/p>\r\n&nbsp;\r\n\r\n<!-- \/wp:paragraph --><!-- wp:image {\"id\":2891,\"align\":\"center\",\"width\":550} -->\r\n<div class=\"wp-block-image\">\r\n<figure class=\"aligncenter is-resized\"><img loading=\"lazy\" decoding=\"async\" class=\"alignnone wp-image-3606 size-large\" src=\"https:\/\/manofacto31.com\/wp-content\/uploads\/2023\/02\/20210209_154310-1024x1024.jpg\" alt=\"\" width=\"560\" height=\"560\" srcset=\"https:\/\/manofacto31.com\/wp-content\/uploads\/2023\/02\/20210209_154310-1024x1024.jpg 1024w, https:\/\/manofacto31.com\/wp-content\/uploads\/2023\/02\/20210209_154310-300x300.jpg 300w, https:\/\/manofacto31.com\/wp-content\/uploads\/2023\/02\/20210209_154310-768x768.jpg 768w, https:\/\/manofacto31.com\/wp-content\/uploads\/2023\/02\/20210209_154310-1536x1536.jpg 1536w, https:\/\/manofacto31.com\/wp-content\/uploads\/2023\/02\/20210209_154310-600x600.jpg 600w, https:\/\/manofacto31.com\/wp-content\/uploads\/2023\/02\/20210209_154310-100x100.jpg 100w, https:\/\/manofacto31.com\/wp-content\/uploads\/2023\/02\/20210209_154310.jpg 2000w\" sizes=\"(max-width: 560px) 100vw, 560px\" \/><\/figure>\r\n<\/div>\r\n<!-- \/wp:image --><!-- wp:paragraph -->\r\n\r\n<strong>QUE FABRIQUES-TU ?<\/strong>\r\n\r\n<!-- \/wp:paragraph --><!-- wp:paragraph -->\r\n<p class=\"p1\">Je propose des illustrations, dr\u00f4les et d\u00e9cal\u00e9es, des goodies uniques type magnets, des autocollants, des livres objets (cherche-trouve, livres p\u00eale-m\u00eale auto-\u00e9dit\u00e9es). J\u2019ai un univers festif, joyeux, color\u00e9 qui se pr\u00eate aux petits comme aux grands. Je cr\u00e9e aussi des Dioramas en papiers d\u00e9coup\u00e9s uniques.<\/p>\r\n<p class=\"p1\">Je travaille principalement au stylo type Rotring ou uniball et fait des retouches \u00e0 l\u2019ordinateur. Peut-\u00eatre un jour je me mettrai \u00e0 la tablette, mais j\u2019aime beaucoup trop le contact avec le papier\u2026<\/p>\r\n<p class=\"p2\">Je travaille chez moi, au chaud, avec toujours une petite tisane et une bonne \u00e9mission radio en arri\u00e8re fond.<\/p>\r\n<!-- \/wp:paragraph --><!-- wp:paragraph -->\r\n\r\n<strong>QUELLES SONT TES SOURCES D\u2019INSPIRATION ?<\/strong>\r\n\r\n<!-- \/wp:paragraph --><!-- wp:paragraph -->\r\n<p class=\"p1\">L\u2019univers jeunesse fourmille de p\u00e9pites.<\/p>\r\n<p class=\"p1\">J\u2019ai baign\u00e9 dans les r\u00e9cits cruels et grin\u00e7ants de Claude Ponti et Philippe Corentin. Le trait tranch\u00e9 de Nicole Claveloux me fait vibrer, et les r\u00e9cits de Tom-Tom et Nana me font bidonner de rire. Et puis je ne compte pas les nombreuses heures passer devant \u00e9ou est charlie\u00a0?\u00a0\u00bb&#8230;<\/p>\r\n<p class=\"p1\">Aujourd\u2019hui je trouve beaucoup de justesse et de ressource dans l\u2019art Brut.<\/p>\r\n&nbsp;\r\n\r\n<!-- \/wp:paragraph --><!-- wp:image {\"id\":2892,\"align\":\"center\",\"width\":550} -->\r\n<div class=\"wp-block-image\">\r\n<figure class=\"aligncenter is-resized\"><img loading=\"lazy\" decoding=\"async\" class=\"alignnone wp-image-3607 size-large\" src=\"https:\/\/manofacto31.com\/wp-content\/uploads\/2023\/02\/IMG_20201228_202524-637x1024.jpg\" alt=\"\" width=\"560\" height=\"900\" srcset=\"https:\/\/manofacto31.com\/wp-content\/uploads\/2023\/02\/IMG_20201228_202524-637x1024.jpg 637w, https:\/\/manofacto31.com\/wp-content\/uploads\/2023\/02\/IMG_20201228_202524-187x300.jpg 187w, https:\/\/manofacto31.com\/wp-content\/uploads\/2023\/02\/IMG_20201228_202524-768x1234.jpg 768w, https:\/\/manofacto31.com\/wp-content\/uploads\/2023\/02\/IMG_20201228_202524-956x1536.jpg 956w, https:\/\/manofacto31.com\/wp-content\/uploads\/2023\/02\/IMG_20201228_202524-1274x2048.jpg 1274w, https:\/\/manofacto31.com\/wp-content\/uploads\/2023\/02\/IMG_20201228_202524-600x964.jpg 600w, https:\/\/manofacto31.com\/wp-content\/uploads\/2023\/02\/IMG_20201228_202524.jpg 1568w\" sizes=\"(max-width: 560px) 100vw, 560px\" \/><\/figure>\r\n<\/div>\r\n<!-- \/wp:image --><!-- wp:paragraph -->\r\n\r\n<strong>SI TU \u00c9TAIS UNE DE TES CR\u00c9ATIONS LAQUELLE SERAIS TU ?<\/strong>\r\n\r\n<!-- \/wp:paragraph --><!-- wp:paragraph -->\r\n<p class=\"p1\">Sans doute un de mes pantins articul\u00e9s foufou\u00a0ou peut-\u00eatre un de mes cherche-trouves<\/p>\r\n<!-- \/wp:paragraph --><!-- wp:paragraph -->\r\n\r\n<strong>3 CHOSES QUE TU AIMES, 3 CHOSES QUE TU N\u2019AIMES PAS ?<\/strong>\r\n\r\n<!-- \/wp:paragraph --><!-- wp:paragraph -->\r\n<p class=\"p1\">Je n\u2019aime vraiment pas les bruits de bouche le matin, sujet de conflit avec mes fr\u00e8res et soeurs quand j\u2019\u00e9tais petite. Ca vaut bien trois choses que je n\u2019aime pas \u00e0 elle toute seule !<\/p>\r\n<p class=\"p1\">J\u2019aime l\u2019odeur du sol mouill\u00e9e par la pluie, les gribouillis que l\u2019on fait lors d\u2019une longue conversation au t\u00e9l\u00e9phone, et les toutes toutes petites sculptures.<\/p>\r\n<!-- \/wp:paragraph --><!-- wp:paragraph -->\r\n\r\n<strong>QUEL EST TON MANTRA, TA CITATION PR\u00c9F\u00c9R\u00c9E ?<\/strong>\r\n\r\n<!-- \/wp:paragraph --><!-- wp:paragraph -->\r\n<p class=\"p1\">Du plaisir, du plaisir, du plaisir\u00a0! Pour cr\u00e9er il faut aimer, s\u2019amuser\u00a0!<\/p>\r\n<!-- \/wp:paragraph --><!-- wp:image {\"id\":2893,\"align\":\"center\",\"width\":450} -->\r\n<div class=\"wp-block-image\">\r\n<figure class=\"aligncenter is-resized\"><img loading=\"lazy\" decoding=\"async\" class=\"alignnone wp-image-3604 size-large\" src=\"https:\/\/manofacto31.com\/wp-content\/uploads\/2023\/02\/20201115_113457-1024x1024.jpg\" alt=\"\" width=\"560\" height=\"560\" srcset=\"https:\/\/manofacto31.com\/wp-content\/uploads\/2023\/02\/20201115_113457-1024x1024.jpg 1024w, https:\/\/manofacto31.com\/wp-content\/uploads\/2023\/02\/20201115_113457-300x300.jpg 300w, https:\/\/manofacto31.com\/wp-content\/uploads\/2023\/02\/20201115_113457-768x768.jpg 768w, https:\/\/manofacto31.com\/wp-content\/uploads\/2023\/02\/20201115_113457-1536x1536.jpg 1536w, https:\/\/manofacto31.com\/wp-content\/uploads\/2023\/02\/20201115_113457-2048x2048.jpg 2048w, https:\/\/manofacto31.com\/wp-content\/uploads\/2023\/02\/20201115_113457-600x600.jpg 600w, https:\/\/manofacto31.com\/wp-content\/uploads\/2023\/02\/20201115_113457-100x100.jpg 100w\" sizes=\"(max-width: 560px) 100vw, 560px\" \/><\/figure>\r\n<\/div>\r\n<!-- \/wp:image --><!-- wp:paragraph -->\r\n\r\n<strong>O\u00d9 TE TROUVE-T-ON \u00c0 PART MANO FACTO) ?<\/strong>\r\n<p class=\"p1\">Mes cr\u00e9ations sont disponibles dans plusieurs boutiques en France<\/p>\r\n<p class=\"p1\">Mano Facto, rue du Coq d\u2019inde Toulouse<\/p>\r\n<p class=\"p1\">Les p\u2019tits curieux, rue de la colombette, Toulouse<\/p>\r\n<p class=\"p1\">L\u2019Atelier de R\u00e9gine, Fessenheim-le-bas (67)<\/p>\r\n<p class=\"p1\">Le plein d\u2019Iode, Quiberon (56)<\/p>\r\n<p class=\"p1\">De temps \u00e0 autres je suis aussi en librairie. J\u2019ai d\u00e9pos\u00e9 des livres \u00e0\u00a0:<\/p>\r\n<p class=\"p1\">la Bouquinette, rue des juifs, Strasbourg<\/p>\r\n<p class=\"p1\">Librairie Ca va buller, rue du foss\u00e9 des tanneurs, Strasbourg<\/p>\r\n<p class=\"p4\">Sinon vous pouvez toujours me retrouver sur les march\u00e9s de No\u00ebl de Toulouse ou me suivre sur les r\u00e9seaux sociaux<\/p>\r\n<p class=\"p4\"><a href=\"https:\/\/www.instagram.com\/sophie_guillemin\/\">instagram<\/a><\/p>\r\n<p class=\"p4\"><a href=\"https:\/\/sofieguillemin.wixsite.com\/portfolio\">mon site<\/a><\/p>\r\n<p class=\"p4\"><a href=\"https:\/\/www.etsy.com\/fr\/shop\/SophieGuillemin\">Et ma boutique etsy<\/a><\/p>\r\n<p class=\"p5\"><\/p>","protected":false},"excerpt":{"rendered":"<p>QUI ES-TU ? Sophie Guillemin, illustratrice bas\u00e9e dans le quartier Saint-Simon \u00e0 Toulouse TON PARCOURS Je suis n\u00e9e sur la c\u00f4te d\u2019Azur \u00e0 Sophia-Antipolis. Tr\u00e8s t\u00f4t int\u00e9ress\u00e9e par le dessin, bien d\u00e9cid\u00e9e \u00e0 ne faire plus que \u00e7a j\u2019ai fait &hellip; <a class=\"more-link\" href=\"https:\/\/manofacto31.com\/?page_id=3589\">Lire la suite <span class=\"meta-nav\">&rarr;<\/span><\/a><\/p>\n","protected":false},"author":5,"featured_media":0,"parent":46,"menu_order":0,"comment_status":"closed","ping_status":"closed","template":"","meta":{"saved_in_kubio":true,"footnotes":""},"class_list":["post-3589","page","type-page","status-publish","hentry"],"kubio_ai_page_context":{"short_desc":"","purpose":"general"},"_links":{"self":[{"href":"https:\/\/manofacto31.com\/index.php?rest_route=\/wp\/v2\/pages\/3589","targetHints":{"allow":["GET"]}}],"collection":[{"href":"https:\/\/manofacto31.com\/index.php?rest_route=\/wp\/v2\/pages"}],"about":[{"href":"https:\/\/manofacto31.com\/index.php?rest_route=\/wp\/v2\/types\/page"}],"author":[{"embeddable":true,"href":"https:\/\/manofacto31.com\/index.php?rest_route=\/wp\/v2\/users\/5"}],"replies":[{"embeddable":true,"href":"https:\/\/manofacto31.com\/index.php?rest_route=%2Fwp%2Fv2%2Fcomments&post=3589"}],"version-history":[{"count":3,"href":"https:\/\/manofacto31.com\/index.php?rest_route=\/wp\/v2\/pages\/3589\/revisions"}],"predecessor-version":[{"id":3609,"href":"https:\/\/manofacto31.com\/index.php?rest_route=\/wp\/v2\/pages\/3589\/revisions\/3609"}],"up":[{"embeddable":true,"href":"https:\/\/manofacto31.com\/index.php?rest_route=\/wp\/v2\/pages\/46"}],"wp:attachment":[{"href":"https:\/\/manofacto31.com\/index.php?rest_route=%2Fwp%2Fv2%2Fmedia&parent=3589"}],"curies":[{"name":"wp","href":"https:\/\/api.w.org\/{rel}","templated":true}]}}